{"id":60,"date":"2019-05-03T19:50:02","date_gmt":"2019-05-03T17:50:02","guid":{"rendered":"http:\/\/mitbestimmung-citybahn.de\/mitbestimmung\/?page_id=60"},"modified":"2020-09-08T21:49:43","modified_gmt":"2020-09-08T19:49:43","slug":"beitreten","status":"publish","type":"page","link":"https:\/\/mitbestimmung-citybahn.de\/mitbestimmung\/?page_id=60","title":{"rendered":"Beitreten"},"content":{"rendered":"<p>&nbsp;<\/p>\n<p><span style=\"color: #993300;\"><em>[Hinweis: Unsere B\u00fcrgerinitiative engagiert sich aus verschiedenen Gr\u00fcnden nur in Wiesbaden. Wir bitten h\u00f6flich um Verst\u00e4ndnis, dass nur Wahlberechtigte aus Wiesbaden Mitglied unserer B\u00fcrgerinitiative werden k\u00f6nnen, da an einem B\u00fcrgerbegehren und einem B\u00fcrgerentscheid in Wiesbaden aus Rechtsgr\u00fcnden auch nur Wahlberechtigte aus dieser Stadt teilnehmen d\u00fcrften.]<\/em><\/span><\/p>\n<h5><strong>Beitreten<\/strong><\/h5>\n<p>Hiermit erkl\u00e4re ich, dass ich\u00a0der B\u00fcrgerinitiative \u201eMitbestimmung Citybahn\u201c\u00a0beitreten m\u00f6chte! Mein Beitritt l\u00f6st keinerlei Pflichten (wie z.B. einen Beitrag) aus. Ich habe die Hinweise zum <a href=\"https:\/\/mitbestimmung-citybahn.de\/mitbestimmung\/wp-content\/uploads\/2019\/05\/2019-05-14-Datenschutzerkl\u00e4rung-Website.pdf\" target=\"_blank\" rel=\"noopener noreferrer\">Datenschutz<\/a> zur Kenntnis genommen und willige ein, Informationen (E-Mail sowie schriftlich) von der BI \u201eMitbestimmung Citybahn\u201c zu erhalten. Ich bin insbesondere damit einverstanden, dass meine personenbezogenen Daten f\u00fcr Organisation (Adressverwaltung) und Kommunikation (bspw. E-Mail) erhoben, verarbeitet und gespeichert werden.<\/p>\n\n<div class=\"wpcf7 no-js\" id=\"wpcf7-f720-o1\" lang=\"de-DE\" dir=\"ltr\" data-wpcf7-id=\"720\">\n<div class=\"screen-reader-response\"><p role=\"status\" aria-live=\"polite\" aria-atomic=\"true\"><\/p> <ul><\/ul><\/div>\n<form action=\"\/mitbestimmung\/index.php?rest_route=%2Fwp%2Fv2%2Fpages%2F60#wpcf7-f720-o1\" method=\"post\" class=\"wpcf7-form init\" aria-label=\"Kontaktformular\" novalidate=\"novalidate\" data-status=\"init\">\n<fieldset class=\"hidden-fields-container\"><input type=\"hidden\" name=\"_wpcf7\" value=\"720\" \/><input type=\"hidden\" name=\"_wpcf7_version\" value=\"6.1.5\" \/><input type=\"hidden\" name=\"_wpcf7_locale\" value=\"de_DE\" \/><input type=\"hidden\" name=\"_wpcf7_unit_tag\" value=\"wpcf7-f720-o1\" \/><input type=\"hidden\" name=\"_wpcf7_container_post\" value=\"0\" \/><input type=\"hidden\" name=\"_wpcf7_posted_data_hash\" value=\"\" \/><input type=\"hidden\" name=\"_wpcf7_recaptcha_response\" value=\"\" \/>\n<\/fieldset>\n<p><label> Nachname (Pflichtfeld)<br \/>\n<span class=\"wpcf7-form-control-wrap\" data-name=\"nachname\"><input size=\"40\" maxlength=\"400\" class=\"wpcf7-form-control wpcf7-text wpcf7-validates-as-required\" aria-required=\"true\" aria-invalid=\"false\" value=\"\" type=\"text\" name=\"nachname\" \/><\/span> <\/label>\n<\/p>\n<p><label> Vorname (Pflichtfeld)<br \/>\n<span class=\"wpcf7-form-control-wrap\" data-name=\"vorname\"><input size=\"40\" maxlength=\"400\" class=\"wpcf7-form-control wpcf7-text wpcf7-validates-as-required\" aria-required=\"true\" aria-invalid=\"false\" value=\"\" type=\"text\" name=\"vorname\" \/><\/span> <\/label>\n<\/p>\n<p><label> Stra\u00dfe und Hausnummer (Pflichtfeld)<br \/>\n<span class=\"wpcf7-form-control-wrap\" data-name=\"strasse\"><input size=\"40\" maxlength=\"400\" class=\"wpcf7-form-control wpcf7-text wpcf7-validates-as-required\" aria-required=\"true\" aria-invalid=\"false\" value=\"\" type=\"text\" name=\"strasse\" \/><\/span> <\/label>\n<\/p>\n<p><label> Postleitzahl (Pflichtfeld)<br \/>\n<span class=\"wpcf7-form-control-wrap\" data-name=\"plz\"><input size=\"40\" maxlength=\"400\" class=\"wpcf7-form-control wpcf7-text wpcf7-validates-as-required\" aria-required=\"true\" aria-invalid=\"false\" value=\"\" type=\"text\" name=\"plz\" \/><\/span> <\/label>\n<\/p>\n<p><label> Ort (Pflichtfeld)<br \/>\n<span class=\"wpcf7-form-control-wrap\" data-name=\"ort\"><input size=\"40\" maxlength=\"400\" class=\"wpcf7-form-control wpcf7-text wpcf7-validates-as-required\" aria-required=\"true\" aria-invalid=\"false\" value=\"\" type=\"text\" name=\"ort\" \/><\/span> <\/label>\n<\/p>\n<p><label> Stadtteil (Pflichtfeld)<br \/>\n<span class=\"wpcf7-form-control-wrap\" data-name=\"stadtteil\"><input size=\"40\" maxlength=\"400\" class=\"wpcf7-form-control wpcf7-text wpcf7-validates-as-required\" aria-required=\"true\" aria-invalid=\"false\" value=\"\" type=\"text\" name=\"stadtteil\" \/><\/span> <\/label>\n<\/p>\n<p><label> E-Mail-Adresse (Pflichtfeld)<br \/>\n<span class=\"wpcf7-form-control-wrap\" data-name=\"email\"><input size=\"40\" maxlength=\"400\" class=\"wpcf7-form-control wpcf7-email wpcf7-validates-as-required wpcf7-text wpcf7-validates-as-email\" aria-required=\"true\" aria-invalid=\"false\" value=\"\" type=\"email\" name=\"email\" \/><\/span> <\/label>\n<\/p>\n<p><label> Telefon (Pflichtfeld)<br \/>\n<span class=\"wpcf7-form-control-wrap\" data-name=\"telefon\"><input size=\"40\" maxlength=\"400\" class=\"wpcf7-form-control wpcf7-text wpcf7-validates-as-required\" aria-required=\"true\" aria-invalid=\"false\" value=\"\" type=\"text\" name=\"telefon\" \/><\/span> <\/label>\n<\/p>\n\n<p><input class=\"wpcf7-form-control wpcf7-submit has-spinner\" type=\"submit\" value=\"Senden\" \/>\n<\/p><div class=\"wpcf7-response-output\" aria-hidden=\"true\"><\/div>\n<\/form>\n<\/div>\n\n<p>Den Beitritt k\u00f6nnen Sie auch mit nachstehenden Formular erkl\u00e4ren. Zum Download einfach anklicken und dann abspeichern.<\/p>\n<p><a href=\"https:\/\/mitbestimmung-citybahn.de\/mitbestimmung\/wp-content\/uploads\/2019\/05\/Beitrittserkl\u00e4rung-BI-Mitbestimmung-Citybahn-5-2019.pdf\" target=\"_blank\" rel=\"noopener noreferrer\">Beitrittserkl\u00e4rung BI Mitbestimmung Citybahn<\/a><\/p>\n<p>&nbsp;<\/p>\n","protected":false},"excerpt":{"rendered":"<p>&nbsp; [Hinweis: Unsere B\u00fcrgerinitiative engagiert sich aus verschiedenen Gr\u00fcnden nur in Wiesbaden. Wir bitten h\u00f6flich um Verst\u00e4ndnis, dass nur Wahlberechtigte aus Wiesbaden Mitglied unserer B\u00fcrgerinitiative werden k\u00f6nnen, da an einem B\u00fcrgerbegehren und einem B\u00fcrgerentscheid in Wiesbaden aus Rechtsgr\u00fcnden auch nur Wahlberechtigte aus dieser Stadt teilnehmen d\u00fcrften.] Beitreten Hiermit erkl\u00e4re ich,&hellip; <\/p>\n","protected":false},"author":1,"featured_media":0,"parent":0,"menu_order":24,"comment_status":"closed","ping_status":"closed","template":"","meta":{"footnotes":""},"class_list":["post-60","page","type-page","status-publish","hentry"],"_links":{"self":[{"href":"https:\/\/mitbestimmung-citybahn.de\/mitbestimmung\/index.php?rest_route=\/wp\/v2\/pages\/60","targetHints":{"allow":["GET"]}}],"collection":[{"href":"https:\/\/mitbestimmung-citybahn.de\/mitbestimmung\/index.php?rest_route=\/wp\/v2\/pages"}],"about":[{"href":"https:\/\/mitbestimmung-citybahn.de\/mitbestimmung\/index.php?rest_route=\/wp\/v2\/types\/page"}],"author":[{"embeddable":true,"href":"https:\/\/mitbestimmung-citybahn.de\/mitbestimmung\/index.php?rest_route=\/wp\/v2\/users\/1"}],"replies":[{"embeddable":true,"href":"https:\/\/mitbestimmung-citybahn.de\/mitbestimmung\/index.php?rest_route=%2Fwp%2Fv2%2Fcomments&post=60"}],"version-history":[{"count":17,"href":"https:\/\/mitbestimmung-citybahn.de\/mitbestimmung\/index.php?rest_route=\/wp\/v2\/pages\/60\/revisions"}],"predecessor-version":[{"id":1401,"href":"https:\/\/mitbestimmung-citybahn.de\/mitbestimmung\/index.php?rest_route=\/wp\/v2\/pages\/60\/revisions\/1401"}],"wp:attachment":[{"href":"https:\/\/mitbestimmung-citybahn.de\/mitbestimmung\/index.php?rest_route=%2Fwp%2Fv2%2Fmedia&parent=60"}],"curies":[{"name":"wp","href":"https:\/\/api.w.org\/{rel}","templated":true}]}}